{"id":82,"date":"2025-11-12T17:11:00","date_gmt":"2025-11-12T17:11:00","guid":{"rendered":"https:\/\/vknbgm.de\/?page_id=82"},"modified":"2026-04-27T18:10:02","modified_gmt":"2026-04-27T18:10:02","slug":"impressum","status":"publish","type":"page","link":"https:\/\/vkerlg.de\/?page_id=82","title":{"rendered":"Impressum"},"content":{"rendered":"\n<div class=\"wp-block-group has-white-background-color has-background\"><div class=\"wp-block-group__inner-container is-layout-constrained wp-block-group-is-layout-constrained\">\n<p>IG Metall Erlangen<br>Friedrichstra\u00dfe 7<br>91054 Erlangen<\/p>\n\n\n\n<p>Tel: <strong>09131 \/ 8838-0<\/strong><br>Fax: 09131 \/ 8838-22<\/p>\n\n\n\n<p>e-Mail: <a href=\"https:\/\/erlangen.igmetall.de\/\">erlangen ( at) igmetall.de<\/a><\/p>\n\n\n\n<p>V.i.S.d.P. Christiane Benner, 1. Vorsitzende der IG Metall<\/p>\n\n\n\n<p>Inhaltlich Verantwortlicher gem\u00e4\u00df \u00a7 55 Abs. 2 RStV:<br><a href=\"https:\/\/erlangen.igmetall.de\/ueber-uns\/ansprechpartner\">Nick Heindl<\/a>, 1. Bevollm\u00e4chtigter (Anschrift wie oben)<\/p>\n\n\n\n<h2 class=\"wp-block-heading\">Rechtliches<\/h2>\n\n\n\n<h3 class=\"wp-block-heading\">Urheberrecht<\/h3>\n\n\n\n<p>Alle Inhalte und Dokumente (Texte, Grafiken, Designs) sind, wenn nicht anders angegeben:<\/p>\n\n\n\n<p>Copyright \u00a9 IG Metall N\u00fcrnberg<br>Alle Rechte vorbehalten. All Rights reserved.<\/p>\n\n\n\n<p>Alle Inhalte und Dokumente sind nach nationalem (Urheberrechtsgesetz) und internationalem Recht (Welturheberrechtsabkommen) gesch\u00fctzt. Die Drittverwertung der in dieser Site ver\u00f6ffentlichten Texte, Grafiken und sonstiger Inhalte ist ausschliesslich mit schriftlicher Einwilligung zul\u00e4ssig. Zitate von Texten sind mit einem Hinweis auf den Autor und die Quelle zu versehen, z. B.: \u00a9 IG Metall N\u00fcrnberg<\/p>\n\n\n\n<h3 class=\"wp-block-heading\">Marken<\/h3>\n\n\n\n<p>Firmennamen, Domainnamen, Warennamen, Produktbezeichnungen, Marken und andere gesch\u00fctzte Bezeichnungen sind Eigentum ihrer jeweiligen Besitzer, auch wenn sie nicht entsprechend gekennzeichnet sind.<\/p>\n\n\n\n<h3 class=\"wp-block-heading\">Inhalte<\/h3>\n\n\n\n<p>Die IG Metall N\u00fcrnberg \u00fcbernimmt keinerlei Gew\u00e4hr f\u00fcr die Aktualit\u00e4t, Korrektheit, Vollst\u00e4ndigkeit oder Qualit\u00e4t der bereitgestellten Informationen.<\/p>\n\n\n\n<p>Haftungsanspr\u00fcche gegen die IG Metall N\u00fcrnberg, die sich auf Sch\u00e4den materieller oder ideeller Art beziehen, welche durch die Nutzung oder Nichtnutzung der dargebotenen Informationen bzw. durch die Nutzung fehlerhafter und unvollst\u00e4ndiger Informationen verursacht wurden sind grunds\u00e4tzlich ausgeschlossen.<\/p>\n\n\n\n<p>Alle Angebote sind freibleibend und unverbindlich.<\/p>\n\n\n\n<p>Die IG Metall N\u00fcrnberg beh\u00e4lt es sich ausdr\u00fccklich vor, Teile der Seiten oder das gesamte Angebot ohne gesonderte Ank\u00fcndigung zu ver\u00e4ndern, zu erg\u00e4nzen, zu l\u00f6schen oder die Ver\u00f6ffentlichung zeitweise oder endg\u00fcltig einzustellen.<\/p>\n\n\n\n<h3 class=\"wp-block-heading\">Verweise und Links<\/h3>\n\n\n\n<p>Bei direkten oder indirekten Verweisen auf fremde Internetseiten (&#8222;Links&#8220;), die au\u00dferhalb des Verantwortungsbereiches der IG Metall N\u00fcrnberg liegen, w\u00fcrde eine Haftungsverpflichtung ausschlie\u00dflich in dem Fall in Kraft treten, in dem die IG Metall N\u00fcrnberg von den Inhalten Kenntnis hat und es ihr technisch m\u00f6glich und zumutbar w\u00e4re, die Nutzung im Falle rechtswidriger Inhalte zu verhindern.<\/p>\n\n\n\n<p>Die IG Metall N\u00fcrnberg erkl\u00e4rt hiermit ausdr\u00fccklich, dass zum Zeitpunkt der Linksetzung die entsprechenden verlinkten Seiten frei von illegalen Inhalten waren. Auf die aktuelle und zuk\u00fcnftige Gestaltung, die Inhalte oder die Urheberschaft der gelinkten\/verkn\u00fcpften Seiten hat die IG Metall N\u00fcrnberg keinerlei Einfluss. Deshalb distanziert sie sich hiermit ausdr\u00fccklich von allen Inhalten aller gelinkten\/verkn\u00fcpften Seiten, die nach der Linksetzung ver\u00e4ndert wurden.<\/p>\n\n\n\n<p>F\u00fcr illegale, fehlerhafte oder unvollst\u00e4ndige Inhalte und insbesondere f\u00fcr Sch\u00e4den, die aus der Nutzung oder Nichtnutzung solcherart dargebotener Informationen entstehen, haftet allein der Anbieter der Seite, auf welche verwiesen wurde, nicht derjenige, der \u00fcber Links auf die jeweilige Ver\u00f6ffentlichung lediglich verweist.<\/p>\n\n\n\n<h2 class=\"wp-block-heading\">Datenschutz<\/h2>\n\n\n\n<p><a href=\"http:\/\/www.igm-nuernberg.de\/datenschutz.html\">Datenschutzerkl\u00e4rung<\/a><\/p>\n\n\n\n<p><strong>Datenschutzerkl\u00e4rung nach den Vorgaben der DSGVO<\/strong><\/p>\n\n\n\n<h5 class=\"wp-block-heading\">1. Verantwortlicher und Datenschutzbeauftragter<\/h5>\n\n\n\n<p>Verantwortlicher im Sinne der DSGVO ist:<br>1.Vorsitzender, Christiane Benner,<br>IG Metall Vorstand,<br>Wilhelm-Leuschner-Stra\u00dfe 79,<br>60329 Frankfurt am Main<br><a href=\"mailto:dsgvo.verantwortlicher@igmetall.de\">dsgvo.verantwortlicher@igmetall.de<\/a><\/p>\n\n\n\n<p>Fragen zum Datenschutz bei der IG Metall beantwortet die\/der Datenschutzbeauftragte<br>IG Metall Vorstand, Stst. Interne Revision\/Datenschutz,<br>Wilhelm-Leuschner-Str. 79,<br>60329 Frankfurt am Main<br><a href=\"mailto:datenschutz@igmetall.de\">datenschutz@igmetall.de<\/a><\/p>\n\n\n\n<h5 class=\"wp-block-heading\">2. Bereitstellung der Website und Erstellung von Logfiles<\/h5>\n\n\n\n<p>Wir, die IG Metall freuen uns \u00fcber Ihr Interesse an unserer Arbeit und unserer Website.<br>Da uns der Schutz Ihrer personenbezogenen Daten ein wichtiges Anliegen ist, geben wir Ihnen hier Auskunft dar\u00fcber wie wir mit Ihren personenbezogenen Daten umgehen.<br>Personenbezogene Daten sind alle Daten, die auf Sie pers\u00f6nlich beziehbar sind z.B. Name, Adresse, E-Mail-Adresse.<br><br>Bei jedem Aufruf unserer Internetseite erfasst unser System automatisiert Daten und Informationen vom Computersystem des aufrufenden Rechners.<br>Folgende Daten werden hierbei erhoben:<\/p>\n\n\n\n<p>(1) Informationen \u00fcber den Browsertyp und die verwendete Version<br>(2) Das Betriebssystem des Nutzers<br>(3) Den Internet-Service-Provider des Nutzers<br>(4) Die IP-Adresse des Nutzers<br>(5) Datum und Uhrzeit des Zugriffs<br>(6) Websites, von denen das System des Nutzers auf unsere Internetseite gelangt<br>(7) Websites, die vom System des Nutzers \u00fcber unsere Website aufgerufen werden<\/p>\n\n\n\n<p>Die Daten werden ebenfalls in den Logfiles unseres Systems gespeichert. Eine Speicherung dieser Daten zusammen mit anderen personenbezogenen Daten des Nutzers findet nicht statt.<br>Rechtsgrundlage f\u00fcr die vor\u00fcbergehende Speicherung der Daten und der Logfiles ist Art. 6 Abs. 1 lit. f DSGVO.<\/p>\n\n\n\n<p>Die vor\u00fcbergehende Speicherung der IP-Adresse durch das System ist notwendig, um eine Auslieferung der Website an den Rechner des Nutzers zu erm\u00f6glichen. Hierf\u00fcr muss die IP-Adresse des Nutzers f\u00fcr die Dauer der Sitzung gespeichert bleiben. In diesen Zwecken liegt auch unser berechtigtes Interesse an der Datenverarbeitung nach Art. 6 Abs. 1 lit. f DSGVO.<br>Die Daten werden gel\u00f6scht, sobald sie f\u00fcr die Erreichung des Zweckes ihrer Erhebung nicht mehr erforderlich sind. Im Falle der Erfassung der Daten zur Bereitstellung der Website ist dies der Fall, wenn die jeweilige Sitzung beendet ist.<\/p>\n\n\n\n<p>Da die Erfassung der Daten zur Bereitstellung der Website und die Speicherung der Daten in Logfiles f\u00fcr den Betrieb der Internetseite zwingend erforderlich ist, besteht seitens des Nutzers keine Widerspruchsm\u00f6glichkeit.<\/p>\n\n\n\n<h5 class=\"wp-block-heading\">3. Verwendung von Cookies<\/h5>\n\n\n\n<p>a. Beschreibung und Umfang der Datenverarbeitung:<br><br>Unsere Webseite verwendet Cookies. Bei Cookies handelt es sich um Textdateien, die im Internetbrowser bzw. vom Internetbrowser auf dem Computersystem des Nutzers gespeichert werden. Ruft ein Nutzer eine Website auf, so kann ein Cookie auf dem Betriebssystem des Nutzers gespeichert werden. Dieser Cookie enth\u00e4lt eine charakteristische Zeichenfolge, die eine eindeutige Identifizierung des Browsers beim erneuten Aufrufen der Website erm\u00f6glicht. Je nach Verwendungszweck werden die Cookies nach dem Verlassen der Web-Session wieder gel\u00f6scht (transiente oder tempor\u00e4re Cookies) oder sie blieben auch nach dem Schlie\u00dfen des Browsers erhalten (persistente oder permanente Cookies) und werden automatisch nach einer vorgegebenen Zeit gel\u00f6scht. Persistente Cookies k\u00f6nnen aber jederzeit \u00fcber die Browsereinstellungen gel\u00f6scht werden.<br><br>Neben sogenannten \u201eFirst-Party-Cookies\u201c, welche von uns als f\u00fcr die Datenverarbeitung Verantwortlichen gesetzt werden, kommen auch \u201eThird-Party-Cookies\u201c zum Einsatz, welche von anderen Anbietern (siehe z.B. die Datenschutzerkl\u00e4rung zu Facebook oder Twitter) gesetzt werden.<br><br>Das Setzen von Cookies kann durch entsprechende Browsereinstellungen unterbunden bzw. eingeschr\u00e4nkt werden. Allerdings kann dieses dazu f\u00fchren, dass die Einstellungen dieser Webseite nicht mehr richtig angezeigt werden kann.<br><br>Wir setzen Cookies ein, um unsere Website nutzerfreundlicher zu gestalten. Diese Cookies sind technisch notwendig und werden nach dem Verlassen der Web Session gel\u00f6scht. Einige Elemente unserer Internetseite erfordern es, dass der aufrufende Browser auch nach einem Seitenwechsel identifiziert werden kann.<br>In den Cookies werden dabei folgende Daten gespeichert und \u00fcbermittelt:<br>(1) Spracheinstellungen<br>(2) Log-In-Informationen<\/p>\n\n\n\n<p>b. Rechtsgrundlage f\u00fcr die Datenverarbeitung<br><br>Die Rechtsgrundlage f\u00fcr die Verarbeitung personenbezogener Daten unter Verwendung von Cookies ist Art. 6 Abs. 1 lit. f DSGVO.<\/p>\n\n\n\n<p>c. Zweck der Datenverarbeitung<br><br>Der Zweck der Verwendung technisch notwendiger Cookies ist, die Nutzung von Websites f\u00fcr die Nutzer zu vereinfachen. Einige Funktionen unserer Internetseite k\u00f6nnen ohne den Einsatz von Cookies nicht angeboten werden. F\u00fcr diese ist es erforderlich, dass der Browser auch nach einem Seitenwechsel wiedererkannt wird.<br>F\u00fcr folgende Anwendungen ben\u00f6tigen wir Cookies:<br>(1) Merken von Suchbegriffen<br>(2) \u00dcbernahme von Spracheinstellungen<br><br>Die durch technisch notwendige Cookies erhobenen Nutzerdaten werden nicht zur Erstellung von Nutzerprofilen verwendet.<\/p>\n\n\n\n<p>d. Dauer der Speicherung, Widerspruchs- und Beseitigungsm\u00f6glichkeit<br><br>Cookies werden auf dem Rechner des Nutzers gespeichert und von diesem an unserer Seite \u00fcbermittelt. Daher haben Sie als Nutzer auch die volle Kontrolle \u00fcber die Verwendung von Cookies. Durch eine \u00c4nderung der Einstellungen in Ihrem Internetbrowser k\u00f6nnen Sie die \u00dcbertragung von Cookies deaktivieren oder einschr\u00e4nken. Bereits gespeicherte Cookies k\u00f6nnen jederzeit gel\u00f6scht werden. Dies kann auch automatisiert erfolgen. Werden Cookies f\u00fcr unsere Website deaktiviert, k\u00f6nnen m\u00f6glicherweise nicht mehr alle Funktionen der Website vollumf\u00e4nglich genutzt werden.<\/p>\n\n\n\n<h5 class=\"wp-block-heading\">4. Rechte der betroffenen Person<\/h5>\n\n\n\n<p>Werden personenbezogene Daten von Ihnen verarbeitet, sind Sie Betroffener i.S.d. DSGVO und es stehen Ihnen folgende Rechte gegen\u00fcber dem Verantwortlichen zu:<\/p>\n\n\n\n<p>a. Auskunftsrecht<br><br>Sie k\u00f6nnen von dem Verantwortlichen eine Best\u00e4tigung dar\u00fcber verlangen, ob personenbezogene Daten, die Sie betreffen, von uns verarbeitet werden. Liegt eine solche Verarbeitung vor, k\u00f6nnen Sie von dem Verantwortlichen \u00fcber folgende Informationen Auskunft verlangen:<br><br>(1) die Zwecke, zu denen die personenbezogenen Daten verarbeitet werden;<br>(2) die Kategorien von personenbezogenen Daten, welche verarbeitet werden;<br>(3) die Empf\u00e4nger bzw. die Kategorien von Empf\u00e4ngern, gegen\u00fcber denen die Sie betreffenden personenbezogenen Daten offengelegt wurden oder noch offengelegt werden;<br>(4) die geplante Dauer der Speicherung der Sie betreffenden personenbezogenen Daten oder, falls konkrete Angaben hierzu nicht m\u00f6glich sind, Kriterien f\u00fcr die Festlegung der Speicherdauer;<br>(5) das Bestehen eines Rechts auf Berichtigung oder L\u00f6schung der Sie betreffenden personenbezogenen Daten, eines Rechts auf Einschr\u00e4nkung der Verarbeitung durch den Verantwortlichen oder eines Widerspruchsrechts gegen diese Verarbeitung;<br>(6) das Bestehen eines Beschwerderechts bei einer Aufsichtsbeh\u00f6rde;<br>(7) alle verf\u00fcgbaren Informationen \u00fcber die Herkunft der Daten, wenn die personenbezogenen Daten nicht bei der betroffenen Person erhoben werden;<br>(8) das Bestehen einer automatisierten Entscheidungsfindung einschlie\u00dflich Profiling gem\u00e4\u00df Art. 22 Abs. 1 und 4 DSGVO und \u2013 zumindest in diesen F\u00e4llen \u2013 aussagekr\u00e4ftige Informationen \u00fcber die involvierte Logik sowie die Tragweite und die angestrebten Auswirkungen einer derartigen Verarbeitung f\u00fcr die betroffene Person.<br><br>Ihnen steht das Recht zu, Auskunft dar\u00fcber zu verlangen, ob die Sie betreffenden personenbezogenen Daten in ein Drittland oder an eine internationale Organisation \u00fcbermittelt werden. In diesem Zusammenhang k\u00f6nnen Sie verlangen, \u00fcber die geeigneten Garantien gem. Art. 46 DSGVO im Zusammenhang mit der \u00dcbermittlung unterrichtet zu werden.<br><br>b. Recht auf Berichtigung<br><br>Sie haben ein Recht auf Berichtigung und\/oder Vervollst\u00e4ndigung gegen\u00fcber dem Verantwortlichen, sofern die verarbeiteten personenbezogenen Daten, die Sie betreffen, unrichtig oder unvollst\u00e4ndig sind. Der Verantwortliche hat die Berichtigung unverz\u00fcglich vorzunehmen.<br><br>c. Recht auf Einschr\u00e4nkung der Verarbeitung<br><br>Unter den folgenden Voraussetzungen k\u00f6nnen Sie die Einschr\u00e4nkung der Verarbeitung der Sie betreffenden personenbezogenen Daten verlangen:<br><br>(1) wenn Sie die Richtigkeit der Sie betreffenden personenbezogenen f\u00fcr eine Dauer bestreiten, die es dem Verantwortlichen erm\u00f6glicht, die Richtigkeit der personenbezogenen Daten zu \u00fcberpr\u00fcfen;<br>(2) wenn die Verarbeitung unrechtm\u00e4\u00dfig ist und Sie die L\u00f6schung der personenbezogenen Daten ablehnen und stattdessen die Einschr\u00e4nkung der Nutzung der personenbezogenen Daten verlangen;<br>(3) wenn der Verantwortliche die personenbezogenen Daten f\u00fcr die Zwecke der Verarbeitung nicht l\u00e4nger ben\u00f6tigt, Sie diese jedoch zur Geltendmachung, Aus\u00fcbung oder Verteidigung von Rechtsanspr\u00fcchen ben\u00f6tigen, oder<br>(4) wenn Sie Widerspruch gegen die Verarbeitung gem\u00e4\u00df Art. 21 Abs. 1 DSGVO eingelegt haben und noch nicht feststeht, ob die berechtigten Gr\u00fcnde des Verantwortlichen gegen\u00fcber Ihren Gr\u00fcnden \u00fcberwiegen.<br><br>Wurde die Verarbeitung der Sie betreffenden personenbezogenen Daten eingeschr\u00e4nkt, d\u00fcrfen diese Daten \u2013 von ihrer Speicherung abgesehen \u2013 nur mit Ihrer Einwilligung oder zur Geltendmachung, Aus\u00fcbung oder Verteidigung von Rechtsanspr\u00fcchen oder zum Schutz der Rechte einer anderen nat\u00fcrlichen oder juristischen Person oder aus Gr\u00fcnden eines wichtigen \u00f6ffentlichen Interesses der Union oder eines Mitgliedstaats verarbeitet werden.<br><br>Wurde die Einschr\u00e4nkung der Verarbeitung nach den o.g. Voraussetzungen eingeschr\u00e4nkt, werden Sie von dem Verantwortlichen unterrichtet bevor die Einschr\u00e4nkung aufgehoben wird.<br><br>d. Recht auf L\u00f6schung<br><br>a) L\u00f6schungspflicht<br><br>Sie k\u00f6nnen von dem Verantwortlichen verlangen, dass die Sie betreffenden personenbezogenen Daten unverz\u00fcglich gel\u00f6scht werden, und der Verantwortliche ist verpflichtet, diese Daten unverz\u00fcglich zu l\u00f6schen, sofern einer der folgenden Gr\u00fcnde zutrifft:<br><br>(1) Die Sie betreffenden personenbezogenen Daten sind f\u00fcr die Zwecke, f\u00fcr die sie erhoben oder auf sonstige Weise verarbeitet wurden, nicht mehr notwendig.<br>(2) Sie widerrufen Ihre Einwilligung, auf die sich die Verarbeitung gem. Art. 6 Abs. 1 lit. a oder Art. 9 Abs. 2 lit. a DSGVO st\u00fctzte, und es fehlt an einer anderweitigen Rechtsgrundlage f\u00fcr die Verarbeitung.<br>(3) Sie legen gem. Art. 21 Abs. 1 DSGVO Widerspruch gegen die Verarbeitung ein und es liegen keine vorrangigen berechtigten Gr\u00fcnde f\u00fcr die Verarbeitung vor, oder Sie legen gem. Art. 21 Abs. 2 DSGVO Widerspruch gegen die Verarbeitung ein.<br>(4) Die Sie betreffenden personenbezogenen Daten wurden unrechtm\u00e4\u00dfig verarbeitet.<br>(5) Die L\u00f6schung der Sie betreffenden personenbezogenen Daten ist zur Erf\u00fcllung einer rechtlichen Verpflichtung nach dem Unionsrecht oder dem Recht der Mitgliedstaaten erforderlich, dem der Verantwortliche unterliegt.<br>(6) Die Sie betreffenden personenbezogenen Daten wurden in Bezug auf angebotene Dienste der Informationsgesellschaft gem\u00e4\u00df Art. 8 Abs. 1 DSGVO erhoben.<\/p>\n\n\n\n<p>b) Information an Dritte<br><br>Hat der Verantwortliche die Sie betreffenden personenbezogenen Daten \u00f6ffentlich gemacht und ist er gem. Art. 17 Abs. 1 DSGVO zu deren L\u00f6schung verpflichtet, so trifft er unter Ber\u00fccksichtigung der verf\u00fcgbaren Technologie und der Implementierungskosten angemessene Ma\u00dfnahmen, auch technischer Art, um f\u00fcr die Datenverarbeitung Verantwortliche, die die personenbezogenen Daten verarbeiten, dar\u00fcber zu informieren, dass Sie als betroffene Person von ihnen die L\u00f6schung aller Links zu diesen personenbezogenen Daten oder von Kopien oder Replikationen dieser personenbezogenen Daten verlangt haben.<\/p>\n\n\n\n<p>c) Ausnahmen<br><br>Das Recht auf L\u00f6schung besteht nicht, soweit die Verarbeitung erforderlich ist<br><br>(1) zur Aus\u00fcbung des Rechts auf freie Meinungs\u00e4u\u00dferung und Information;<br>(2) zur Erf\u00fcllung einer rechtlichen Verpflichtung, die die Verarbeitung nach dem Recht der Union oder der Mitgliedstaaten, dem der Verantwortliche unterliegt, erfordert, oder zur Wahrnehmung einer Aufgabe, die im \u00f6ffentlichen Interesse liegt oder in Aus\u00fcbung \u00f6ffentlicher Gewalt erfolgt, die dem Verantwortlichen \u00fcbertragen wurde;<br>(3) aus Gr\u00fcnden des \u00f6ffentlichen Interesses im Bereich der \u00f6ffentlichen Gesundheit gem\u00e4\u00df Art. 9 Abs. 2 lit. h und i sowie Art. 9 Abs. 3 DSGVO;<br>(4) f\u00fcr im \u00f6ffentlichen Interesse liegende Archivzwecke, wissenschaftliche oder historische Forschungszwecke oder f\u00fcr statistische Zwecke gem. Art. 89 Abs. 1 DSGVO, soweit das unter Abschnitt a) genannte Recht voraussichtlich die Verwirklichung der Ziele dieser Verarbeitung unm\u00f6glich macht oder ernsthaft beeintr\u00e4chtigt, oder<br>(5) zur Geltendmachung, Aus\u00fcbung oder Verteidigung von Rechtsanspr\u00fcchen.<\/p>\n\n\n\n<p>e. Recht auf Unterrichtung<br><br>Haben Sie das Recht auf Berichtigung, L\u00f6schung oder Einschr\u00e4nkung der Verarbeitung gegen\u00fcber dem Verantwortlichen geltend gemacht, ist dieser verpflichtet, allen Empf\u00e4ngern, denen die Sie betreffenden personenbezogenen Daten offengelegt wurden, diese Berichtigung oder L\u00f6schung der Daten oder Einschr\u00e4nkung der Verarbeitung mitzuteilen, es sei denn, dies erweist sich als unm\u00f6glich oder ist mit einem unverh\u00e4ltnism\u00e4\u00dfigen Aufwand verbunden. Ihnen steht gegen\u00fcber dem Verantwortlichen das Recht zu, \u00fcber diese Empf\u00e4nger unterrichtet zu werden.<\/p>\n\n\n\n<p>f. Recht auf Daten\u00fcbertragbarkeit<br><br>Sie haben das Recht, die Sie betreffenden personenbezogenen Daten, die Sie dem Verantwortlichen bereitgestellt haben, in einem strukturierten, g\u00e4ngigen und maschinenlesbaren Format zu erhalten. Au\u00dferdem haben Sie das Recht diese Daten einem anderen Verantwortlichen ohne Behinderung durch den Verantwortlichen, dem die personenbezogenen Daten bereitgestellt wurden, zu \u00fcbermitteln, sofern<br><br>(1) die Verarbeitung auf einer Einwilligung gem. Art. 6 Abs. 1 lit. a DSGVO oder Art. 9 Abs. 2 lit. a DSGVO oder auf einem Vertrag gem. Art. 6 Abs. 1 lit. b DSGVO beruht und<br>(2) die Verarbeitung mithilfe automatisierter Verfahren erfolgt.<br>In Aus\u00fcbung dieses Rechts haben Sie ferner das Recht, zu erwirken, dass die Sie betreffenden personenbezogenen Daten direkt von einem Verantwortlichen einem anderen Verantwortlichen \u00fcbermittelt werden, soweit dies technisch machbar ist. Freiheiten und Rechte anderer Personen d\u00fcrfen hierdurch nicht beeintr\u00e4chtigt werden.<br>Das Recht auf Daten\u00fcbertragbarkeit gilt nicht f\u00fcr eine Verarbeitung personenbezogener Daten, die f\u00fcr die Wahrnehmung einer Aufgabe erforderlich ist, die im \u00f6ffentlichen Interesse liegt oder in Aus\u00fcbung \u00f6ffentlicher Gewalt erfolgt, die dem Verantwortlichen \u00fcbertragen wurde.<\/p>\n\n\n\n<p>g. Widerspruchsrecht<br><br>Sie haben das Recht, aus Gr\u00fcnden, die sich aus ihrer besonderen Situation ergeben, jederzeit gegen die Verarbeitung der Sie betreffenden personenbezogenen Daten, die aufgrund von Art. 6 Abs. 1 lit. e oder f DSGVO erfolgt, Widerspruch einzulegen. Der Verantwortliche verarbeitet die Sie betreffenden personenbezogenen Daten nicht mehr, es sei denn, er kann zwingende schutzw\u00fcrdige Gr\u00fcnde f\u00fcr die Verarbeitung nachweisen, die Ihre Interessen, Rechte und Freiheiten \u00fcberwiegen, oder die Verarbeitung dient der Geltendmachung, Aus\u00fcbung oder Verteidigung von Rechtsanspr\u00fcchen.<\/p>\n\n\n\n<p>h. Recht auf Widerruf der datenschutzrechtlichen Einwilligungserkl\u00e4rung<br><br>Sie haben das Recht, Ihre datenschutzrechtliche Einwilligungserkl\u00e4rung jederzeit zu widerrufen. Durch den Widerruf der Einwilligung wird die Rechtm\u00e4\u00dfigkeit der aufgrund der Einwilligung bis zum Widerruf erfolgten Verarbeitung nicht ber\u00fchrt.<\/p>\n\n\n\n<p>i. Recht auf Beschwerde bei einer Aufsichtsbeh\u00f6rde<br><br>Unbeschadet eines anderweitigen gerichtlichen Rechtsbehelfs steht Ihnen das Recht auf Beschwerde bei einer Aufsichtsbeh\u00f6rde, insbesondere in dem Mitgliedstaat ihres Aufenthaltsorts, ihres Arbeitsplatzes oder des Orts des mutma\u00dflichen Versto\u00dfes, zu, wenn Sie der Ansicht sind, dass die Verarbeitung der Sie betreffenden personenbezogenen Daten gegen die DSGVO verst\u00f6\u00dft. Die Aufsichtsbeh\u00f6rde, bei der die Beschwerde eingereicht wurde, unterrichtet den Beschwerdef\u00fchrer \u00fcber den Stand und die Ergebnisse der Beschwerde einschlie\u00dflich der M\u00f6glichkeit eines gerichtlichen Rechtsbehelfs nach Art. 78 DSGVO.<br>Die Anschrift der f\u00fcr die IG Metall zust\u00e4ndigen Aufsichtsbeh\u00f6rde lautet:<br><br>Der Hessische Datenschutzbeauftragte<br>Gustav-Stresemann-Ring 1<br>65189 Wiesbaden<br>Tel.: 0611 1408-0<\/p>\n\n\n\n<h5 class=\"wp-block-heading\">5. Allgemeine Hinweise<\/h5>\n\n\n\n<p>Diese Datenschutzerkl\u00e4rung wird in regelm\u00e4\u00dfigen Abst\u00e4nden an die tats\u00e4chlichen Gegebenheiten und rechtlichen Entwicklungen angepasst.<\/p>\n\n\n\n<h5 class=\"wp-block-heading\" id=\"m328\">Plugins und eingebettete Funktionen sowie Inhalte<\/h5>\n\n\n\n<p>Wir binden in unser Onlineangebot Funktions- und Inhaltselemente ein, die von den Servern ihrer jeweiligen Anbieter (nachfolgend bezeichnet als &#8222;Drittanbieter&#8220;) bezogen werden. Dabei kann es sich zum Beispiel um Grafiken, Videos oder Stadtpl\u00e4ne handeln (nachfolgend einheitlich bezeichnet als &#8222;Inhalte&#8220;).<\/p>\n\n\n\n<p>Die Einbindung setzt immer voraus, dass die Drittanbieter dieser Inhalte die IP-Adresse der Nutzer verarbeiten, da sie ohne die IP-Adresse die Inhalte nicht an deren Browser senden k\u00f6nnten. Die IP-Adresse ist damit f\u00fcr die Darstellung dieser Inhalte oder Funktionen erforderlich. Wir bem\u00fchen uns, nur solche Inhalte zu verwenden, deren jeweilige Anbieter die IP-Adresse lediglich zur Auslieferung der Inhalte verwenden. Drittanbieter k\u00f6nnen ferner sogenannte Pixel-Tags (unsichtbare Grafiken, auch als &#8222;Web Beacons&#8220; bezeichnet) f\u00fcr statistische oder Marketingzwecke verwenden. Durch die &#8222;Pixel-Tags&#8220; k\u00f6nnen Informationen, wie der Besucherverkehr auf den Seiten dieser Webseite, ausgewertet werden. Die pseudonymen Informationen k\u00f6nnen ferner in Cookies auf dem Ger\u00e4t der Nutzer gespeichert werden und unter anderem technische Informationen zum Browser und zum Betriebssystem, zu verweisenden Webseiten, zur Besuchszeit sowie weitere Angaben zur Nutzung unseres Onlineangebotes enthalten als auch mit solchen Informationen aus anderen Quellen verbunden werden.<\/p>\n\n\n\n<ul class=\"wp-block-list\">\n<li><strong>Verarbeitete Datenarten:<\/strong>&nbsp;Nutzungsdaten (z.&nbsp;B. besuchte Webseiten, Interesse an Inhalten, Zugriffszeiten); Meta-, Kommunikations- und Verfahrensdaten (z.&nbsp;B. IP-Adressen, Zeitangaben, Identifikationsnummern, Einwilligungsstatus); Bestandsdaten (z.&nbsp;B. Namen, Adressen); Kontaktdaten (z.&nbsp;B. E-Mail, Telefonnummern); Inhaltsdaten (z.&nbsp;.B. Eingaben in Onlineformularen).<\/li>\n\n\n\n<li><strong>Betroffene Personen:<\/strong>&nbsp;Nutzer (z.&nbsp;.B. Webseitenbesucher, Nutzer von Onlinediensten).<\/li>\n\n\n\n<li><strong>Zwecke der Verarbeitung:<\/strong>&nbsp;Bereitstellung unseres Onlineangebotes und Nutzerfreundlichkeit.<\/li>\n\n\n\n<li><strong>Rechtsgrundlagen:<\/strong>&nbsp;Berechtigte Interessen (Art. 6 Abs. 1 S. 1 lit. f) DSGVO).<\/li>\n<\/ul>\n\n\n\n<p><strong>Weitere Hinweise zu Verarbeitungsprozessen, Verfahren und Diensten:<\/strong><\/p>\n\n\n\n<ul class=\"wp-block-list\">\n<li><strong>Google Fonts (Bezug vom Google Server):&nbsp;<\/strong>Bezug von Schriften (und Symbolen) zum Zwecke einer technisch sicheren, wartungsfreien und effizienten Nutzung von Schriften und Symbolen im Hinblick auf Aktualit\u00e4t und Ladezeiten, deren einheitliche Darstellung und Ber\u00fccksichtigung m\u00f6glicher lizenzrechtlicher Beschr\u00e4nkungen. Dem Anbieter der Schriftarten wird die IP-Adresse des Nutzers mitgeteilt, damit die Schriftarten im Browser des Nutzers zur Verf\u00fcgung gestellt werden k\u00f6nnen. Dar\u00fcber hinaus werden technische Daten (Spracheinstellungen, Bildschirmaufl\u00f6sung, Betriebssystem, verwendete Hardware) \u00fcbermittelt, die f\u00fcr die Bereitstellung der Schriften in Abh\u00e4ngigkeit von den verwendeten Ger\u00e4ten und der technischen Umgebung notwendig sind. Diese Daten k\u00f6nnen auf einem Server des Anbieters der Schriftarten in den USA verarbeitet werden &#8211; Beim Besuch unseres Onlineangebotes senden die Browser der Nutzer ihre Browser HTTP-Anfragen an die Google Fonts Web API (d.&nbsp;h. eine Softwareschnittstelle f\u00fcr den Abruf der Schriftarten). Die Google Fonts Web API stellt den Nutzern die Cascading Style Sheets (CSS) von Google Fonts und danach die in der CCS angegebenen Schriftarten zur Verf\u00fcgung. Zu diesen HTTP-Anfragen geh\u00f6ren (1) die vom jeweiligen Nutzer f\u00fcr den Zugriff auf das Internet verwendete IP-Adresse, (2) die angeforderte URL auf dem Google-Server und (3) die HTTP-Header, einschlie\u00dflich des User-Agents, der die Browser- und Betriebssystemversionen der Websitebesucher beschreibt, sowie die Verweis-URL (d.&nbsp;h. die Webseite, auf der die Google-Schriftart angezeigt werden soll). IP-Adressen werden weder auf Google-Servern protokolliert noch gespeichert und sie werden nicht analysiert. Die Google Fonts Web API protokolliert Details der HTTP-Anfragen (angeforderte URL, User-Agent und Verweis-URL). Der Zugriff auf diese Daten ist eingeschr\u00e4nkt und streng kontrolliert. Die angeforderte URL identifiziert die Schriftfamilien, f\u00fcr die der Nutzer Schriftarten laden m\u00f6chte. Diese Daten werden protokolliert, damit Google bestimmen kann, wie oft eine bestimmte Schriftfamilie angefordert wird. Bei der Google Fonts Web API muss der User-Agent die Schriftart anpassen, die f\u00fcr den jeweiligen Browsertyp generiert wird. Der User-Agent wird in erster Linie zum Debugging protokolliert und verwendet, um aggregierte Nutzungsstatistiken zu generieren, mit denen die Beliebtheit von Schriftfamilien gemessen wird. Diese zusammengefassten Nutzungsstatistiken werden auf der Seite \u201eAnalysen&#8220; von Google Fonts ver\u00f6ffentlicht. Schlie\u00dflich wird die Verweis-URL protokolliert, sodass die Daten f\u00fcr die Wartung der Produktion verwendet und ein aggregierter Bericht zu den Top-Integrationen basierend auf der Anzahl der Schriftartenanfragen generiert werden kann. Google verwendet laut eigener Auskunft keine der von Google Fonts erfassten Informationen, um Profile von Endnutzern zu erstellen oder zielgerichtete Anzeigen zu schalten;&nbsp;<strong>Dienstanbieter:<\/strong>&nbsp;Google Ireland Limited, Gordon House, Barrow Street, Dublin 4, Irland;&nbsp;<strong>Rechtsgrundlagen:<\/strong>&nbsp;Berechtigte Interessen (Art. 6 Abs. 1 S. 1 lit. f) DSGVO);&nbsp;<strong>Website:<\/strong>&nbsp;<a rel=\"noreferrer noopener\" href=\"https:\/\/fonts.google.com\/\" target=\"_blank\">https:\/\/fonts.google.com\/<\/a>;&nbsp;<strong>Datenschutzerkl\u00e4rung:<\/strong>&nbsp;<a rel=\"noreferrer noopener\" href=\"https:\/\/policies.google.com\/privacy\" target=\"_blank\">https:\/\/policies.google.com\/privacy<\/a>;&nbsp;<strong>Grundlage Drittland\u00fcbermittlung:<\/strong>&nbsp;EU-US Data Privacy Framework (DPF).&nbsp;<strong>Weitere Informationen:<\/strong>&nbsp;<a rel=\"noreferrer noopener\" href=\"https:\/\/developers.google.com\/fonts\/faq\/privacy?hl=de\" target=\"_blank\">https:\/\/developers.google.com\/fonts\/faq\/privacy?hl=de<\/a>.<\/li>\n\n\n\n<li><strong>YouTube-Videos:&nbsp;<\/strong>Videoinhalte;&nbsp;<strong>Dienstanbieter:<\/strong>&nbsp;Google Ireland Limited, Gordon House, Barrow Street, Dublin 4, Irland;&nbsp;<strong>Rechtsgrundlagen:<\/strong>&nbsp;Berechtigte Interessen (Art. 6 Abs. 1 S. 1 lit. f) DSGVO);&nbsp;<strong>Website:<\/strong>&nbsp;<a rel=\"noreferrer noopener\" href=\"https:\/\/www.youtube.com\/\" target=\"_blank\">https:\/\/www.youtube.com<\/a>;&nbsp;<strong>Datenschutzerkl\u00e4rung:<\/strong>&nbsp;<a rel=\"noreferrer noopener\" href=\"https:\/\/policies.google.com\/privacy\" target=\"_blank\">https:\/\/policies.google.com\/privacy<\/a>;&nbsp;<strong>Grundlage Drittland\u00fcbermittlung:<\/strong>&nbsp;EU-US Data Privacy Framework (DPF).&nbsp;<strong>Widerspruchsm\u00f6glichkeit (Opt-Out):<\/strong>&nbsp;Opt-Out-Plugin:&nbsp;<a rel=\"noreferrer noopener\" href=\"https:\/\/tools.google.com\/dlpage\/gaoptout?hl=de\" target=\"_blank\">https:\/\/tools.google.com\/dlpage\/gaoptout?hl=de<\/a>, Einstellungen f\u00fcr die Darstellung von Werbeeinblendungen:&nbsp;<a rel=\"noreferrer noopener\" href=\"https:\/\/adssettings.google.com\/authenticated\" target=\"_blank\">https:\/\/adssettings.google.com\/authenticated<\/a>.<\/li>\n<\/ul>\n\n\n\n<p><\/p>\n<\/div><\/div>\n\n\n\n<p><\/p>\n","protected":false},"excerpt":{"rendered":"<p>IG Metall ErlangenFriedrichstra\u00dfe 791054 Erlangen Tel: 09131 \/ 8838-0Fax: 09131 \/ 8838-22 e-Mail: erlangen ( at) igmetall.de V.i.S.d.P. Christiane Benner, &hellip; <a href=\"https:\/\/vkerlg.de\/?page_id=82\" class=\"more-link\">Continue reading <span class=\"screen-reader-text\">Impressum<\/span><\/a><\/p>\n","protected":false},"author":1,"featured_media":0,"parent":0,"menu_order":0,"comment_status":"closed","ping_status":"closed","template":"page-templates\/full-width.php","meta":{"footnotes":""},"class_list":["post-82","page","type-page","status-publish","hentry"],"_links":{"self":[{"href":"https:\/\/vkerlg.de\/index.php?rest_route=\/wp\/v2\/pages\/82","targetHints":{"allow":["GET"]}}],"collection":[{"href":"https:\/\/vkerlg.de\/index.php?rest_route=\/wp\/v2\/pages"}],"about":[{"href":"https:\/\/vkerlg.de\/index.php?rest_route=\/wp\/v2\/types\/page"}],"author":[{"embeddable":true,"href":"https:\/\/vkerlg.de\/index.php?rest_route=\/wp\/v2\/users\/1"}],"replies":[{"embeddable":true,"href":"https:\/\/vkerlg.de\/index.php?rest_route=%2Fwp%2Fv2%2Fcomments&post=82"}],"version-history":[{"count":6,"href":"https:\/\/vkerlg.de\/index.php?rest_route=\/wp\/v2\/pages\/82\/revisions"}],"predecessor-version":[{"id":1014,"href":"https:\/\/vkerlg.de\/index.php?rest_route=\/wp\/v2\/pages\/82\/revisions\/1014"}],"wp:attachment":[{"href":"https:\/\/vkerlg.de\/index.php?rest_route=%2Fwp%2Fv2%2Fmedia&parent=82"}],"curies":[{"name":"wp","href":"https:\/\/api.w.org\/{rel}","templated":true}]}}