{"id":517,"date":"2021-08-25T11:17:30","date_gmt":"2021-08-25T11:17:30","guid":{"rendered":"https:\/\/vknbgm.de\/?page_id=517"},"modified":"2025-12-03T16:38:56","modified_gmt":"2025-12-03T16:38:56","slug":"ig-metall","status":"publish","type":"page","link":"https:\/\/vkerlg.de\/?page_id=517","title":{"rendered":"IG Metall"},"content":{"rendered":"\n<div class=\"wp-block-group has-white-background-color has-background\"><div class=\"wp-block-group__inner-container is-layout-constrained wp-block-group-is-layout-constrained\">\n<p>N\u00fctzliche Links zur IG Metall<\/p>\n\n\n\n<div class=\"wp-block-group\"><div class=\"wp-block-group__inner-container is-layout-constrained wp-block-group-is-layout-constrained\">\n<div class=\"wp-block-group has-white-background-color has-background\"><div class=\"wp-block-group__inner-container is-layout-constrained wp-block-group-is-layout-constrained\">\n<h4 class=\"wp-block-heading\">\u00dcber uns<\/h4>\n\n\n\n<p><a rel=\"noreferrer noopener\" href=\"https:\/\/www.igmetall.de\/ueber-uns\" target=\"_blank\">Wir die IG Metall<\/a> <\/p>\n<\/div><\/div>\n<\/div><\/div>\n\n\n\n<div class=\"wp-block-group has-white-background-color has-background\"><div class=\"wp-block-group__inner-container is-layout-constrained wp-block-group-is-layout-constrained\">\n<h4 class=\"wp-block-heading\">IG Metall vor Ort<\/h4>\n\n\n\n<p><a href=\"https:\/\/www.igmetall.de\/ueber-uns\/igmetall-vor-ort\" rel=\"noreferrer noopener\" target=\"_blank\">Gesch\u00e4ftstellen, Bezirksleitungen und Vorstand&nbsp;<\/a><\/p>\n<\/div><\/div>\n\n\n\n<div class=\"wp-block-group has-white-background-color has-background\"><div class=\"wp-block-group__inner-container is-layout-constrained wp-block-group-is-layout-constrained\">\n<h4 class=\"wp-block-heading\">Tarif<\/h4>\n\n\n\n<p><a rel=\"noreferrer noopener\" href=\"https:\/\/www.igmetall.de\/tarif\/tariftabellen\" target=\"_blank\">Tariftabellen<\/a> <a rel=\"noreferrer noopener\" href=\"https:\/\/www.igmetall.de\/tarif\/tariflexikon\" target=\"_blank\">Tariflexikon<\/a><\/p>\n<\/div><\/div>\n\n\n\n<div class=\"wp-block-group has-white-background-color has-background\"><div class=\"wp-block-group__inner-container is-layout-constrained wp-block-group-is-layout-constrained\">\n<h4 class=\"wp-block-heading\">Leistungsrechner<\/h4>\n\n\n\n<p><a href=\"https:\/\/www.igmetall.de\/service\/online-services\/leistungsrechner\">https:\/\/www.igmetall.de\/service\/online-services\/leistungsrechner<\/a><\/p>\n<\/div><\/div>\n\n\n\n<div class=\"wp-block-group\"><div class=\"wp-block-group__inner-container is-layout-constrained wp-block-group-is-layout-constrained\">\n<h4 class=\"wp-block-heading\">Satzung der IGM<\/h4>\n\n\n\n<p><a href=\"https:\/\/www.igmetall.de\/satzung\">https:\/\/www.igmetall.de\/satzung<\/a><\/p>\n<\/div><\/div>\n\n\n\n<div class=\"wp-block-group\"><div class=\"wp-block-group__inner-container is-layout-constrained wp-block-group-is-layout-constrained\">\n<h4 class=\"wp-block-heading\">Dialog-igmetall (Siemens IGM-Team)<\/h4>\n\n\n\n<p><a href=\"https:\/\/www.dialog-igmetall.de\/\">https:\/\/www.dialog-igmetall.de\/<\/a><\/p>\n<\/div><\/div>\n\n\n\n<div class=\"wp-block-group\"><div class=\"wp-block-group__inner-container is-layout-constrained wp-block-group-is-layout-constrained\">\n<h4 class=\"wp-block-heading\">Betriebszeitungen<\/h4>\n\n\n\n<p><a rel=\"noreferrer noopener\" href=\"https:\/\/www.dialog-igmetall.de\/downloads\/betriebszeitungen\" target=\"_blank\">https:\/\/www.dialog-igmetall.de\/downloads\/betriebszeitungen<\/a> <a rel=\"noreferrer noopener\" href=\"https:\/\/www.dialog-igmetall.de\/downloads\/infomaterial\" target=\"_blank\">https:\/\/www.dialog-igmetall.de\/downloads\/infomaterial<\/a><\/p>\n<\/div><\/div>\n\n\n\n<div class=\"wp-block-group\"><div class=\"wp-block-group__inner-container is-layout-constrained wp-block-group-is-layout-constrained\">\n<h4 class=\"wp-block-heading\">IGM Hauptseite<\/h4>\n\n\n\n<p><a href=\"https:\/\/www.igmetall.de\/\">https:\/\/www.igmetall.de\/<\/a><\/p>\n<\/div><\/div>\n\n\n\n<div class=\"wp-block-group\"><div class=\"wp-block-group__inner-container is-layout-constrained wp-block-group-is-layout-constrained\">\n<h4 class=\"wp-block-heading\">Seite der IGM N\u00fcrnberg<\/h4>\n\n\n\n<p><a href=\"https:\/\/erlangen.igmetall.de\/\">igm-erlangen<\/a><\/p>\n<\/div><\/div>\n\n\n\n<div class=\"wp-block-group\"><div class=\"wp-block-group__inner-container is-layout-constrained wp-block-group-is-layout-constrained\">\n<h4 class=\"wp-block-heading\">N\u00fcrnberger Technikdialog<\/h4>\n\n\n\n<p><a rel=\"noreferrer noopener\" href=\"http:\/\/www.igm-nuernberg.de\/2015-06-01-13-52-19.html\" target=\"_blank\">http:\/\/www.igm-nuernberg.de\/2015-06-01-13-52-19.html<\/a><\/p>\n<\/div><\/div>\n\n\n\n<div class=\"wp-block-group\"><div class=\"wp-block-group__inner-container is-layout-constrained wp-block-group-is-layout-constrained\">\n<h4 class=\"wp-block-heading\">Mitglied werden<\/h4>\n\n\n\n<p><a rel=\"noreferrer noopener\" href=\"https:\/\/www.igmetall.de\/infopaket.htm\" target=\"_blank\">Infopaket<\/a> <a rel=\"noreferrer noopener\" href=\"https:\/\/www.igmetall.de\/beitreten.htm\" target=\"_blank\">Online-Beitrittsformular<\/a> <a rel=\"noreferrer noopener\" href=\"http:\/\/www.igmetall-schaeffler.de\/index.php?id=81&amp;tx_ttnews%5Btt_news%5D=16257&amp;cHash=53910b6cdaad4f10789103ed1fca417f\" target=\"_blank\">Mitgliedsantr\u00e4ge international<\/a> <a rel=\"noreferrer noopener\" href=\"https:\/\/www.igmetall.de\/guter-rat-was-die-ig-metall-leistet-5586.htm\" target=\"_blank\">Ehrensache oder Karrierekiller?<\/a><\/p>\n<\/div><\/div>\n\n\n\n<div class=\"wp-block-group\"><div class=\"wp-block-group__inner-container is-layout-constrained wp-block-group-is-layout-constrained\">\n<h4 class=\"wp-block-heading\">Extranet f\u00fcr Mitglieder<\/h4>\n\n\n\n<p><a href=\"https:\/\/extranet.igmetall.de\/login.htm?page=view_68169.htm\">https:\/\/extranet.igmetall.de\/<\/a><\/p>\n<\/div><\/div>\n<\/div><\/div>\n\n\n\n<p><\/p>\n","protected":false},"excerpt":{"rendered":"<p>N\u00fctzliche Links zur IG Metall \u00dcber uns Wir die IG Metall IG Metall vor Ort Gesch\u00e4ftstellen, Bezirksleitungen und Vorstand&nbsp; Tarif &hellip; <a href=\"https:\/\/vkerlg.de\/?page_id=517\" class=\"more-link\">Continue reading <span class=\"screen-reader-text\">IG Metall<\/span><\/a><\/p>\n","protected":false},"author":1,"featured_media":0,"parent":946,"menu_order":0,"comment_status":"closed","ping_status":"closed","template":"page-templates\/full-width.php","meta":{"footnotes":""},"class_list":["post-517","page","type-page","status-publish","hentry"],"_links":{"self":[{"href":"https:\/\/vkerlg.de\/index.php?rest_route=\/wp\/v2\/pages\/517","targetHints":{"allow":["GET"]}}],"collection":[{"href":"https:\/\/vkerlg.de\/index.php?rest_route=\/wp\/v2\/pages"}],"about":[{"href":"https:\/\/vkerlg.de\/index.php?rest_route=\/wp\/v2\/types\/page"}],"author":[{"embeddable":true,"href":"https:\/\/vkerlg.de\/index.php?rest_route=\/wp\/v2\/users\/1"}],"replies":[{"embeddable":true,"href":"https:\/\/vkerlg.de\/index.php?rest_route=%2Fwp%2Fv2%2Fcomments&post=517"}],"version-history":[{"count":9,"href":"https:\/\/vkerlg.de\/index.php?rest_route=\/wp\/v2\/pages\/517\/revisions"}],"predecessor-version":[{"id":972,"href":"https:\/\/vkerlg.de\/index.php?rest_route=\/wp\/v2\/pages\/517\/revisions\/972"}],"up":[{"embeddable":true,"href":"https:\/\/vkerlg.de\/index.php?rest_route=\/wp\/v2\/pages\/946"}],"wp:attachment":[{"href":"https:\/\/vkerlg.de\/index.php?rest_route=%2Fwp%2Fv2%2Fmedia&parent=517"}],"curies":[{"name":"wp","href":"https:\/\/api.w.org\/{rel}","templated":true}]}}