{"id":12,"date":"2021-01-25T15:06:22","date_gmt":"2021-01-25T15:06:22","guid":{"rendered":"https:\/\/vknbgm.de\/?page_id=12"},"modified":"2025-12-03T16:35:32","modified_gmt":"2025-12-03T16:35:32","slug":"aktuelle-igm-themen","status":"publish","type":"page","link":"https:\/\/vkerlg.de\/","title":{"rendered":"Aktuelle IGM-Themen mit Standortbezug"},"content":{"rendered":"\t\t<div data-elementor-type=\"wp-page\" data-elementor-id=\"12\" class=\"elementor elementor-12\">\n\t\t\t\t<div class=\"elementor-element elementor-element-11a1dfd6 e-flex e-con-boxed e-con e-parent\" data-id=\"11a1dfd6\" data-element_type=\"container\" data-e-type=\"container\" data-settings=\"{&quot;background_background&quot;:&quot;classic&quot;}\">\n\t\t\t\t\t<div class=\"e-con-inner\">\n\t\t\t\t<div class=\"elementor-element elementor-element-28a6d153 elementor-widget elementor-widget-text-editor\" data-id=\"28a6d153\" data-element_type=\"widget\" data-e-type=\"widget\" data-widget_type=\"text-editor.default\">\n\t\t\t\t\t\t\t\t\t<div class=\"pt-cv-wrapper\">\n<div class=\"pt-cv-view pt-cv-grid pt-cv-colsys\" id=\"pt-cv-view-939b388l2z\">\n<div data-id=\"pt-cv-page-1\" class=\"pt-cv-page\" data-cvc=\"3\">\n<div class=\"col-md-4 col-sm-6 col-xs-12 pt-cv-content-item pt-cv-2-col\" >\n<div class='pt-cv-ifield'><a href=\"https:\/\/vkerlg.de\/?p=998\" class=\"_self pt-cv-href-thumbnail pt-cv-thumb-left\" target=\"_self\" ><img fetchpriority=\"high\" decoding=\"async\" width=\"300\" height=\"213\" src=\"https:\/\/vkerlg.de\/wp-content\/uploads\/2026\/02\/2-300x213.png\" class=\"pt-cv-thumbnail pull-left\" alt=\"\" srcset=\"https:\/\/vkerlg.de\/wp-content\/uploads\/2026\/02\/2-300x213.png 300w, https:\/\/vkerlg.de\/wp-content\/uploads\/2026\/02\/2-1024x726.png 1024w, https:\/\/vkerlg.de\/wp-content\/uploads\/2026\/02\/2-768x545.png 768w, https:\/\/vkerlg.de\/wp-content\/uploads\/2026\/02\/2.png 1748w\" sizes=\"(max-width: 300px) 100vw, 300px\" \/><\/a><\/p>\n<h4 class=\"pt-cv-title\"><a href=\"https:\/\/vkerlg.de\/?p=998\" class=\"_self\" target=\"_self\" >WANT TO BE MY VALENTINE?<\/a><\/h4>\n<div class=\"pt-cv-content\">Liebe Kolleginnen und Kollegen, der Valentinstag ist nicht nur ein Tag der Aufmerksamkeit und Wertsch\u00e4tzung \u2013 er bietet auch einen guten Anlass, an etwas besonders &#8230;<\/p>\n<div class=\"pt-cv-rmwrap\"><a href=\"https:\/\/vkerlg.de\/?p=998\" class=\"_self pt-cv-readmore btn btn-success\" target=\"_self\">Weiterlesen<\/a><\/div>\n<\/div>\n<\/div>\n<\/div>\n<div class=\"col-md-4 col-sm-6 col-xs-12 pt-cv-content-item pt-cv-2-col\" >\n<div class='pt-cv-ifield'><a href=\"https:\/\/vkerlg.de\/?p=990\" class=\"_self pt-cv-href-thumbnail pt-cv-thumb-left\" target=\"_self\" ><img decoding=\"async\" width=\"300\" height=\"225\" src=\"https:\/\/vkerlg.de\/wp-content\/uploads\/2025\/12\/Die-5-002-300x225.jpg\" class=\"pt-cv-thumbnail pull-left\" alt=\"\" srcset=\"https:\/\/vkerlg.de\/wp-content\/uploads\/2025\/12\/Die-5-002-300x225.jpg 300w, https:\/\/vkerlg.de\/wp-content\/uploads\/2025\/12\/Die-5-002-155x116.jpg 155w, https:\/\/vkerlg.de\/wp-content\/uploads\/2025\/12\/Die-5-002.jpg 640w\" sizes=\"(max-width: 300px) 100vw, 300px\" \/><\/a><\/p>\n<h4 class=\"pt-cv-title\"><a href=\"https:\/\/vkerlg.de\/?p=990\" class=\"_self\" target=\"_self\" >Orange the World \u2013 Gegen Gewalt an Frauen<\/a><\/h4>\n<div class=\"pt-cv-content\">Orange the World \u2013 Gegen Gewalt an Frauen Der Internationale Tag gegen Gewalt an Frauen, auch Orange Day genannt, ist ein am 25. November j\u00e4hrlich &#8230;<\/p>\n<div class=\"pt-cv-rmwrap\"><a href=\"https:\/\/vkerlg.de\/?p=990\" class=\"_self pt-cv-readmore btn btn-success\" target=\"_self\">Weiterlesen<\/a><\/div>\n<\/div>\n<\/div>\n<\/div>\n<div class=\"col-md-4 col-sm-6 col-xs-12 pt-cv-content-item pt-cv-2-col\" >\n<div class='pt-cv-ifield'><a href=\"https:\/\/vkerlg.de\/?p=979\" class=\"_self pt-cv-href-thumbnail pt-cv-thumb-left\" target=\"_self\" ><img decoding=\"async\" width=\"300\" height=\"226\" src=\"https:\/\/vkerlg.de\/wp-content\/uploads\/2025\/12\/20251001_131156-300x226.jpg\" class=\"pt-cv-thumbnail pull-left\" alt=\"\" srcset=\"https:\/\/vkerlg.de\/wp-content\/uploads\/2025\/12\/20251001_131156-300x226.jpg 300w, https:\/\/vkerlg.de\/wp-content\/uploads\/2025\/12\/20251001_131156-1024x773.jpg 1024w, https:\/\/vkerlg.de\/wp-content\/uploads\/2025\/12\/20251001_131156-768x580.jpg 768w, https:\/\/vkerlg.de\/wp-content\/uploads\/2025\/12\/20251001_131156-1536x1159.jpg 1536w, https:\/\/vkerlg.de\/wp-content\/uploads\/2025\/12\/20251001_131156-2048x1546.jpg 2048w, https:\/\/vkerlg.de\/wp-content\/uploads\/2025\/12\/20251001_131156-154x116.jpg 154w\" sizes=\"(max-width: 300px) 100vw, 300px\" \/><\/a><\/p>\n<h4 class=\"pt-cv-title\"><a href=\"https:\/\/vkerlg.de\/?p=979\" class=\"_self\" target=\"_self\" >HAPPY NEW ONE: IG Metall startet Betriebsratswahlen 2026 mit symbolischer Aktion<\/a><\/h4>\n<div class=\"pt-cv-content\">Mit dem Beginn des neuen Gesch\u00e4ftsjahres am 1. Oktober haben die IG Metall-Betriebsr\u00e4te von Siemens Moorenbrunn und Erlangen G die Vorbereitungen f\u00fcr die Betriebsratswahlen 2026 &#8230;<\/p>\n<div class=\"pt-cv-rmwrap\"><a href=\"https:\/\/vkerlg.de\/?p=979\" class=\"_self pt-cv-readmore btn btn-success\" target=\"_self\">Weiterlesen<\/a><\/div>\n<\/div>\n<\/div>\n<\/div>\n<\/div>\n<\/div>\n<\/div>\n\n<p>\u00a0<\/p>\n\t\t\t\t\t\t\t\t<\/div>\n\t\t\t\t\t<\/div>\n\t\t\t\t<\/div>\n\t\t\t\t<\/div>\n\t\t","protected":false},"excerpt":{"rendered":"<p>\u00a0<\/p>\n","protected":false},"author":1,"featured_media":0,"parent":946,"menu_order":0,"comment_status":"closed","ping_status":"closed","template":"page-templates\/full-width.php","meta":{"footnotes":""},"class_list":["post-12","page","type-page","status-publish","hentry"],"_links":{"self":[{"href":"https:\/\/vkerlg.de\/index.php?rest_route=\/wp\/v2\/pages\/12","targetHints":{"allow":["GET"]}}],"collection":[{"href":"https:\/\/vkerlg.de\/index.php?rest_route=\/wp\/v2\/pages"}],"about":[{"href":"https:\/\/vkerlg.de\/index.php?rest_route=\/wp\/v2\/types\/page"}],"author":[{"embeddable":true,"href":"https:\/\/vkerlg.de\/index.php?rest_route=\/wp\/v2\/users\/1"}],"replies":[{"embeddable":true,"href":"https:\/\/vkerlg.de\/index.php?rest_route=%2Fwp%2Fv2%2Fcomments&post=12"}],"version-history":[{"count":12,"href":"https:\/\/vkerlg.de\/index.php?rest_route=\/wp\/v2\/pages\/12\/revisions"}],"predecessor-version":[{"id":971,"href":"https:\/\/vkerlg.de\/index.php?rest_route=\/wp\/v2\/pages\/12\/revisions\/971"}],"up":[{"embeddable":true,"href":"https:\/\/vkerlg.de\/index.php?rest_route=\/wp\/v2\/pages\/946"}],"wp:attachment":[{"href":"https:\/\/vkerlg.de\/index.php?rest_route=%2Fwp%2Fv2%2Fmedia&parent=12"}],"curies":[{"name":"wp","href":"https:\/\/api.w.org\/{rel}","templated":true}]}}